{"id":3140,"date":"2020-03-26T13:47:29","date_gmt":"2020-03-26T13:47:29","guid":{"rendered":"https:\/\/lezbetalen.be\/?post_type=avada_faq&#038;p=3140"},"modified":"2020-03-27T09:19:31","modified_gmt":"2020-03-27T09:19:31","slug":"que-se-passe-t-il-si-je-nenregistre-pas-mon-vehicule-2","status":"publish","type":"avada_faq","link":"https:\/\/lezbetalen.be\/fr\/avada_faq\/que-se-passe-t-il-si-je-nenregistre-pas-mon-vehicule-2\/","title":{"rendered":"Que se passe-t-il si je n\u2019enregistre pas mon v\u00e9hicule?"},"content":{"rendered":"<p>Si vous entrez dans la LEZ sans avoir enregistr\u00e9 votre v\u00e9hicule \u00e0 temps, il sera repris sur la liste des v\u00e9hicules non autoris\u00e9s pendant la proc\u00e9dure de recouvrement. Une amende administrative vous sera ensuite inflig\u00e9e. L\u2019enregistrement est obligatoire et doit \u00eatre effectu\u00e9 dans le d\u00e9lai requis. \u00c0 cet \u00e9gard, la date d\u2019enregistrement est d\u00e9terminante : si vous enregistrez votre v\u00e9hicule apr\u00e8s que l\u2019amende a \u00e9t\u00e9 inflig\u00e9e, vous devez quand m\u00eame payer l\u2019amende.<\/p>\n<p>Vous trouverez\u00a0<a href=\"https:\/\/www.slimnaarantwerpen.be\/fr\/LEZ\/enregistrez-votre-v%C3%A9hicule\">ici<\/a>\u00a0plus d\u2019informations sur la mani\u00e8re d\u2019enregistrer votre v\u00e9hicule.<\/p>\n","protected":false},"excerpt":{"rendered":"<p>Si vous entrez dans la LEZ sans avoir enregistr\u00e9 votre v\u00e9hicule \u00e0 temps, il sera repris sur la liste des v\u00e9hicules non autoris\u00e9s pendant la proc\u00e9dure de recouvrement. Une amende administrative vous sera ensuite inflig\u00e9e. L\u2019enregistrement est obligatoire et doit \u00eatre effectu\u00e9 dans le d\u00e9lai requis. \u00c0 cet \u00e9gard, la date d\u2019enregistrement est d\u00e9terminante : [&hellip;]<\/p>\n","protected":false},"author":7,"featured_media":0,"menu_order":0,"comment_status":"closed","ping_status":"closed","template":"","format":"standard","meta":{"footnotes":""},"faq_category":[48],"class_list":["post-3140","avada_faq","type-avada_faq","status-publish","format-standard","hentry","faq_category-enregistrement"],"yoast_head":"<!-- This site is optimized with the Yoast SEO plugin v27.5 - https:\/\/yoast.com\/product\/yoast-seo-wordpress\/ -->\n<title>Que se passe-t-il si je n\u2019enregistre pas mon v\u00e9hicule? - LEZ<\/title>\n<meta name=\"robots\" content=\"index, follow, max-snippet:-1, max-image-preview:large, max-video-preview:-1\" \/>\n<link rel=\"canonical\" href=\"https:\/\/lezbetalen.be\/fr\/avada_faq\/que-se-passe-t-il-si-je-nenregistre-pas-mon-vehicule-2\/\" \/>\n<meta property=\"og:locale\" content=\"fr_FR\" \/>\n<meta property=\"og:type\" content=\"article\" \/>\n<meta property=\"og:title\" content=\"Que se passe-t-il si je n\u2019enregistre pas mon v\u00e9hicule? - LEZ\" \/>\n<meta property=\"og:description\" content=\"Si vous entrez dans la LEZ sans avoir enregistr\u00e9 votre v\u00e9hicule \u00e0 temps, il sera repris sur la liste des v\u00e9hicules non autoris\u00e9s pendant la proc\u00e9dure de recouvrement. Une amende administrative vous sera ensuite inflig\u00e9e. L\u2019enregistrement est obligatoire et doit \u00eatre effectu\u00e9 dans le d\u00e9lai requis. \u00c0 cet \u00e9gard, la date d\u2019enregistrement est d\u00e9terminante : [&hellip;]\" \/>\n<meta property=\"og:url\" content=\"https:\/\/lezbetalen.be\/fr\/avada_faq\/que-se-passe-t-il-si-je-nenregistre-pas-mon-vehicule-2\/\" \/>\n<meta property=\"og:site_name\" content=\"LEZ\" \/>\n<meta property=\"article:modified_time\" content=\"2020-03-27T09:19:31+00:00\" \/>\n<meta name=\"twitter:card\" content=\"summary_large_image\" \/>\n<script type=\"application\/ld+json\" class=\"yoast-schema-graph\">{\"@context\":\"https:\\\/\\\/schema.org\",\"@graph\":[{\"@type\":\"WebPage\",\"@id\":\"https:\\\/\\\/lezbetalen.be\\\/fr\\\/avada_faq\\\/que-se-passe-t-il-si-je-nenregistre-pas-mon-vehicule-2\\\/\",\"url\":\"https:\\\/\\\/lezbetalen.be\\\/fr\\\/avada_faq\\\/que-se-passe-t-il-si-je-nenregistre-pas-mon-vehicule-2\\\/\",\"name\":\"Que se passe-t-il si je n\u2019enregistre pas mon v\u00e9hicule? - LEZ\",\"isPartOf\":{\"@id\":\"https:\\\/\\\/lezbetalen.be\\\/#website\"},\"datePublished\":\"2020-03-26T13:47:29+00:00\",\"dateModified\":\"2020-03-27T09:19:31+00:00\",\"breadcrumb\":{\"@id\":\"https:\\\/\\\/lezbetalen.be\\\/fr\\\/avada_faq\\\/que-se-passe-t-il-si-je-nenregistre-pas-mon-vehicule-2\\\/#breadcrumb\"},\"inLanguage\":\"fr-FR\",\"potentialAction\":[{\"@type\":\"ReadAction\",\"target\":[\"https:\\\/\\\/lezbetalen.be\\\/fr\\\/avada_faq\\\/que-se-passe-t-il-si-je-nenregistre-pas-mon-vehicule-2\\\/\"]}]},{\"@type\":\"BreadcrumbList\",\"@id\":\"https:\\\/\\\/lezbetalen.be\\\/fr\\\/avada_faq\\\/que-se-passe-t-il-si-je-nenregistre-pas-mon-vehicule-2\\\/#breadcrumb\",\"itemListElement\":[{\"@type\":\"ListItem\",\"position\":1,\"name\":\"Home\",\"item\":\"https:\\\/\\\/lezbetalen.be\\\/fr\\\/\"},{\"@type\":\"ListItem\",\"position\":2,\"name\":\"FAQs\",\"item\":\"https:\\\/\\\/lezbetalen.be\\\/it\\\/avada_faq\\\/\"},{\"@type\":\"ListItem\",\"position\":3,\"name\":\"Que se passe-t-il si je n\u2019enregistre pas mon v\u00e9hicule?\"}]},{\"@type\":\"WebSite\",\"@id\":\"https:\\\/\\\/lezbetalen.be\\\/#website\",\"url\":\"https:\\\/\\\/lezbetalen.be\\\/\",\"name\":\"LEZ\",\"description\":\"\",\"potentialAction\":[{\"@type\":\"SearchAction\",\"target\":{\"@type\":\"EntryPoint\",\"urlTemplate\":\"https:\\\/\\\/lezbetalen.be\\\/?s={search_term_string}\"},\"query-input\":{\"@type\":\"PropertyValueSpecification\",\"valueRequired\":true,\"valueName\":\"search_term_string\"}}],\"inLanguage\":\"fr-FR\"}]}<\/script>\n<!-- \/ Yoast SEO plugin. -->","yoast_head_json":{"title":"Que se passe-t-il si je n\u2019enregistre pas mon v\u00e9hicule? - LEZ","robots":{"index":"index","follow":"follow","max-snippet":"max-snippet:-1","max-image-preview":"max-image-preview:large","max-video-preview":"max-video-preview:-1"},"canonical":"https:\/\/lezbetalen.be\/fr\/avada_faq\/que-se-passe-t-il-si-je-nenregistre-pas-mon-vehicule-2\/","og_locale":"fr_FR","og_type":"article","og_title":"Que se passe-t-il si je n\u2019enregistre pas mon v\u00e9hicule? - LEZ","og_description":"Si vous entrez dans la LEZ sans avoir enregistr\u00e9 votre v\u00e9hicule \u00e0 temps, il sera repris sur la liste des v\u00e9hicules non autoris\u00e9s pendant la proc\u00e9dure de recouvrement. Une amende administrative vous sera ensuite inflig\u00e9e. L\u2019enregistrement est obligatoire et doit \u00eatre effectu\u00e9 dans le d\u00e9lai requis. \u00c0 cet \u00e9gard, la date d\u2019enregistrement est d\u00e9terminante : [&hellip;]","og_url":"https:\/\/lezbetalen.be\/fr\/avada_faq\/que-se-passe-t-il-si-je-nenregistre-pas-mon-vehicule-2\/","og_site_name":"LEZ","article_modified_time":"2020-03-27T09:19:31+00:00","twitter_card":"summary_large_image","schema":{"@context":"https:\/\/schema.org","@graph":[{"@type":"WebPage","@id":"https:\/\/lezbetalen.be\/fr\/avada_faq\/que-se-passe-t-il-si-je-nenregistre-pas-mon-vehicule-2\/","url":"https:\/\/lezbetalen.be\/fr\/avada_faq\/que-se-passe-t-il-si-je-nenregistre-pas-mon-vehicule-2\/","name":"Que se passe-t-il si je n\u2019enregistre pas mon v\u00e9hicule? - LEZ","isPartOf":{"@id":"https:\/\/lezbetalen.be\/#website"},"datePublished":"2020-03-26T13:47:29+00:00","dateModified":"2020-03-27T09:19:31+00:00","breadcrumb":{"@id":"https:\/\/lezbetalen.be\/fr\/avada_faq\/que-se-passe-t-il-si-je-nenregistre-pas-mon-vehicule-2\/#breadcrumb"},"inLanguage":"fr-FR","potentialAction":[{"@type":"ReadAction","target":["https:\/\/lezbetalen.be\/fr\/avada_faq\/que-se-passe-t-il-si-je-nenregistre-pas-mon-vehicule-2\/"]}]},{"@type":"BreadcrumbList","@id":"https:\/\/lezbetalen.be\/fr\/avada_faq\/que-se-passe-t-il-si-je-nenregistre-pas-mon-vehicule-2\/#breadcrumb","itemListElement":[{"@type":"ListItem","position":1,"name":"Home","item":"https:\/\/lezbetalen.be\/fr\/"},{"@type":"ListItem","position":2,"name":"FAQs","item":"https:\/\/lezbetalen.be\/it\/avada_faq\/"},{"@type":"ListItem","position":3,"name":"Que se passe-t-il si je n\u2019enregistre pas mon v\u00e9hicule?"}]},{"@type":"WebSite","@id":"https:\/\/lezbetalen.be\/#website","url":"https:\/\/lezbetalen.be\/","name":"LEZ","description":"","potentialAction":[{"@type":"SearchAction","target":{"@type":"EntryPoint","urlTemplate":"https:\/\/lezbetalen.be\/?s={search_term_string}"},"query-input":{"@type":"PropertyValueSpecification","valueRequired":true,"valueName":"search_term_string"}}],"inLanguage":"fr-FR"}]}},"_links":{"self":[{"href":"https:\/\/lezbetalen.be\/fr\/wp-json\/wp\/v2\/avada_faq\/3140","targetHints":{"allow":["GET"]}}],"collection":[{"href":"https:\/\/lezbetalen.be\/fr\/wp-json\/wp\/v2\/avada_faq"}],"about":[{"href":"https:\/\/lezbetalen.be\/fr\/wp-json\/wp\/v2\/types\/avada_faq"}],"author":[{"embeddable":true,"href":"https:\/\/lezbetalen.be\/fr\/wp-json\/wp\/v2\/users\/7"}],"replies":[{"embeddable":true,"href":"https:\/\/lezbetalen.be\/fr\/wp-json\/wp\/v2\/comments?post=3140"}],"version-history":[{"count":2,"href":"https:\/\/lezbetalen.be\/fr\/wp-json\/wp\/v2\/avada_faq\/3140\/revisions"}],"predecessor-version":[{"id":3385,"href":"https:\/\/lezbetalen.be\/fr\/wp-json\/wp\/v2\/avada_faq\/3140\/revisions\/3385"}],"wp:attachment":[{"href":"https:\/\/lezbetalen.be\/fr\/wp-json\/wp\/v2\/media?parent=3140"}],"wp:term":[{"taxonomy":"faq_category","embeddable":true,"href":"https:\/\/lezbetalen.be\/fr\/wp-json\/wp\/v2\/faq_category?post=3140"}],"curies":[{"name":"wp","href":"https:\/\/api.w.org\/{rel}","templated":true}]}}